{"id":3938,"date":"2025-06-23T14:50:19","date_gmt":"2025-06-23T14:50:19","guid":{"rendered":"https:\/\/aktaslawpadev.wpenginepowered.com\/tr\/?post_type=attorney&#038;p=3938"},"modified":"2025-10-09T14:49:06","modified_gmt":"2025-10-09T14:49:06","slug":"seda-aktas","status":"publish","type":"attorney","link":"https:\/\/www.aktaslawyers.com\/tr\/attorney\/seda-aktas\/","title":{"rendered":"Seda Aktas, B.C.S."},"content":{"rendered":"<p>Seda Aktas, Florida Barosu taraf\u0131ndan Ceza Yarg\u0131lamas\u0131 Hukuku alan\u0131nda uzmanl\u0131k sertifikas\u0131na sahip, 17 y\u0131l\u0131 a\u015fk\u0131n tecr\u00fcbeye sahip bir dava avukat\u0131d\u0131r. Hukuk kariyerine savc\u0131l\u0131k yaparak ba\u015flayan Aktas, bu s\u00fcre\u00e7te edindi\u011fi duru\u015fma deneyimi sayesinde stratejik ve sonu\u00e7 odakl\u0131 bir yakla\u015f\u0131m geli\u015ftirmi\u015ftir. Florida, Texas ve Washington D.C. eyaletlerinde bir\u00e7ok girift davada m\u00fcvekkillerini ba\u015far\u0131yla temsil etmi\u015ftir.<\/p>\n<p>Aktas Law, P.A. \u00e7at\u0131s\u0131 alt\u0131nda Seda, m\u00fcvekkillerine genel hukuk dan\u0131\u015fmanl\u0131\u011f\u0131 hizmeti sunarak, hukuki risk ve uyu\u015fmazl\u0131klar ortaya \u00e7\u0131kmadan \u00f6nlemeye y\u00f6nelik, ticari odakl\u0131 ve stratejik \u00e7\u00f6z\u00fcmler geli\u015ftirmektedir. Ayr\u0131ca, Amerika\u2019da yat\u0131r\u0131m yapmak veya faaliyet g\u00f6stermek isteyen yabanc\u0131 \u015firketlere yerel dan\u0131\u015fmanl\u0131k sa\u011flayarak, yasal uyum, s\u00f6zle\u015fme m\u00fczakereleri ve g\u00fcnl\u00fck hukuki s\u00fcre\u00e7lerde yol g\u00f6stermektedir. Uzmanl\u0131k alanlar\u0131 aras\u0131nda uluslararas\u0131 ticaret hukuku yer almakta olup, s\u0131n\u0131r \u00f6tesi hukuki sorunlarla kar\u015f\u0131la\u015fan \u015firket ve bireylere \u00f6zel \u00e7\u00f6z\u00fcmler sunmaktad\u0131r.<\/p>\n<p>Hukuk prati\u011finin \u00f6tesinde, Seda Aktas el yap\u0131m\u0131, m\u00fcze kalitesinde \u00e7a\u011fda\u015f T\u00fcrk seramiklerinin ithalat ve da\u011f\u0131t\u0131m\u0131n\u0131 ger\u00e7ekle\u015ftiren bir \u015firketin kurucusu ve CEO\u2019sudur. Ticaret, da\u011f\u0131t\u0131m ve giri\u015fimcilik alanlar\u0131nda edindi\u011fi deneyim, i\u015f d\u00fcnyas\u0131nda kar\u015f\u0131la\u015filan hukuki ve operasyonel zorluklar\u0131 derinlemesine kavramas\u0131n\u0131 sa\u011flamaktad\u0131r. Bu \u00e7ok y\u00f6nl\u00fc birikim, Seda\u2019n\u0131n hukuki yakla\u015f\u0131m\u0131n\u0131 yaln\u0131zca mevzuata de\u011fil, ayn\u0131 zamanda i\u015f d\u00fcnyas\u0131n\u0131n dinamiklerine de duyarl\u0131 hale getirmektedir. Stratejik, \u00e7\u00f6z\u00fcm odakl\u0131 ve uygulanabilir \u00f6neriler sunarak, m\u00fcvekkillerine yaln\u0131zca hukuki de\u011fil, ayn\u0131 zamanda i\u015flevsel \u00e7\u00f6z\u00fcmler \u00fcretmektedir.<\/p>\n<p>Seda Aktas, ABD 11. Temyiz Mahkemesi ile Florida Orta ve G\u00fcney B\u00f6lge Federal Mahkemeleri de dahil olmak \u00fczere bir\u00e7ok eyalet ve federal mahkemede avukatl\u0131k yapma yetkisine sahiptir.<\/p>\n<p>T\u00fcrk\u00e7e ve \u0130ngilizce dillerine ileri d\u00fczeyde hakimdir.<\/p>\n","protected":false},"featured_media":4024,"template":"","meta":{"_acf_changed":false,"inline_featured_image":false},"class_list":["post-3938","attorney","type-attorney","status-publish","has-post-thumbnail","hentry"],"acf":[],"_links":{"self":[{"href":"https:\/\/www.aktaslawyers.com\/tr\/wp-json\/wp\/v2\/attorney\/3938","targetHints":{"allow":["GET"]}}],"collection":[{"href":"https:\/\/www.aktaslawyers.com\/tr\/wp-json\/wp\/v2\/attorney"}],"about":[{"href":"https:\/\/www.aktaslawyers.com\/tr\/wp-json\/wp\/v2\/types\/attorney"}],"version-history":[{"count":0,"href":"https:\/\/www.aktaslawyers.com\/tr\/wp-json\/wp\/v2\/attorney\/3938\/revisions"}],"wp:featuredmedia":[{"embeddable":true,"href":"https:\/\/www.aktaslawyers.com\/tr\/wp-json\/wp\/v2\/media\/4024"}],"wp:attachment":[{"href":"https:\/\/www.aktaslawyers.com\/tr\/wp-json\/wp\/v2\/media?parent=3938"}],"curies":[{"name":"wp","href":"https:\/\/api.w.org\/{rel}","templated":true}]}}